{"id":10493,"date":"2021-03-12T15:21:11","date_gmt":"2021-03-12T14:21:11","guid":{"rendered":"https:\/\/www.r-u-b.de\/?page_id=10493"},"modified":"2021-03-12T15:21:16","modified_gmt":"2021-03-12T14:21:16","slug":"cam-cad-programmierer-techniker","status":"publish","type":"page","link":"https:\/\/www.r-u-b.de\/en\/about-us\/careers\/cam-cad-programmierer-techniker\/","title":{"rendered":"CAM \/ CAD Programmierer \/ Techniker"},"content":{"rendered":"<p>[et_pb_section fb_built=&#8221;1&#8243; next_background_color=&#8221;#ffffff&#8221; admin_label=&#8221;Hero&#8221; _builder_version=&#8221;4.0.9&#8243; use_background_color_gradient=&#8221;on&#8221; background_color_gradient_start=&#8221;#dcc2a3&#8243; background_color_gradient_end=&#8221;#00aeef&#8221; background_color_gradient_direction=&#8221;129deg&#8221; background_color_gradient_start_position=&#8221;18%&#8221; background_color_gradient_end_position=&#8221;92%&#8221; background_image=&#8221;https:\/\/www.r-u-b.de\/wp-content\/uploads\/2020\/01\/AdobeStock_302665136-1920.jpg&#8221; background_blend=&#8221;multiply&#8221; width=&#8221;100%&#8221; height=&#8221;570px&#8221; height_tablet=&#8221;&#8221; height_phone=&#8221;&#8221; height_last_edited=&#8221;on|phone&#8221; custom_margin=&#8221;50px||||false|false&#8221; custom_padding=&#8221;||||false|false&#8221; filter_saturate=&#8221;89%&#8221; filter_brightness=&#8221;106%&#8221; bottom_divider_style=&#8221;mountains2&#8243; bottom_divider_height=&#8221;12vw&#8221; bottom_divider_repeat=&#8221;0.6x&#8221; bottom_divider_flip=&#8221;horizontal|vertical&#8221; da_disable_devices=&#8221;off|off|off&#8221; da_is_popup=&#8221;off&#8221; da_exit_intent=&#8221;off&#8221; da_has_close=&#8221;on&#8221; da_alt_close=&#8221;off&#8221; da_dark_close=&#8221;off&#8221; da_not_modal=&#8221;on&#8221; da_is_singular=&#8221;off&#8221; da_with_loader=&#8221;off&#8221; da_has_shadow=&#8221;on&#8221;][et_pb_row column_structure=&#8221;3_5,2_5&#8243; _builder_version=&#8221;4.0.2&#8243; max_width=&#8221;1480px&#8221; custom_margin=&#8221;|||&#8221; custom_padding=&#8221;27px|0px|0|0px|false|false&#8221;][et_pb_column type=&#8221;3_5&#8243; _builder_version=&#8221;3.25&#8243; custom_padding=&#8221;|||&#8221; custom_padding__hover=&#8221;|||&#8221;][et_pb_text module_class=&#8221;job-header&#8221; _builder_version=&#8221;4.9.1&#8243; text_font=&#8221;||||||||&#8221; header_font=&#8221;|700|||||||&#8221; header_font_size=&#8221;90px&#8221; header_line_height=&#8221;1.4em&#8221; header_2_font=&#8221;|600|||||||&#8221; header_2_text_color=&#8221;rgba(255,255,255,0.6)&#8221; header_2_font_size=&#8221;32px&#8221; header_2_line_height=&#8221;1.4em&#8221; background_layout=&#8221;dark&#8221; animation_style=&#8221;slide&#8221; animation_direction=&#8221;right&#8221; animation_intensity_slide=&#8221;4%&#8221; header_font_size_tablet=&#8221;50px&#8221; header_font_size_phone=&#8221;32px&#8221; header_font_size_last_edited=&#8221;on|desktop&#8221; header_2_font_size_tablet=&#8221;&#8221; header_2_font_size_phone=&#8221;24px&#8221; header_2_font_size_last_edited=&#8221;on|phone&#8221;]<\/p>\n<h1>CAM \/ CAD Programmierer \/ Techniker<\/h1>\n<p>[\/et_pb_text][\/et_pb_column][et_pb_column type=&#8221;2_5&#8243; _builder_version=&#8221;3.25&#8243; custom_padding=&#8221;|||&#8221; custom_padding__hover=&#8221;|||&#8221;][et_pb_image src=&#8221;https:\/\/www.r-u-b.de\/wp-content\/uploads\/2019\/11\/AdobeStock_211795768-1024.jpg&#8221; _builder_version=&#8221;4.0.7&#8243; use_background_color_gradient=&#8221;on&#8221; background_color_gradient_start=&#8221;rgba(0,0,0,0)&#8221; background_color_gradient_end=&#8221;rgba(0,0,0,0)&#8221; background_color_gradient_direction=&#8221;142deg&#8221; background_color_gradient_start_position=&#8221;12%&#8221; background_color_gradient_end_position=&#8221;68%&#8221; transform_translate_linked=&#8221;off&#8221; custom_margin=&#8221;||||false|false&#8221; custom_padding=&#8221;||||false|false&#8221; animation_style=&#8221;flip&#8221;][\/et_pb_image][\/et_pb_column][\/et_pb_row][\/et_pb_section][et_pb_section fb_built=&#8221;1&#8243; admin_label=&#8221;Wir bieten&#8221; _builder_version=&#8221;4.0.2&#8243; da_disable_devices=&#8221;off|off|off&#8221; da_is_popup=&#8221;off&#8221; da_exit_intent=&#8221;off&#8221; da_has_close=&#8221;on&#8221; da_alt_close=&#8221;off&#8221; da_dark_close=&#8221;off&#8221; da_not_modal=&#8221;on&#8221; da_is_singular=&#8221;off&#8221; da_with_loader=&#8221;off&#8221; da_has_shadow=&#8221;on&#8221;][et_pb_row _builder_version=&#8221;4.0.7&#8243;][et_pb_column type=&#8221;4_4&#8243; _builder_version=&#8221;4.0.7&#8243;][et_pb_text _builder_version=&#8221;4.9.1&#8243; text_font=&#8221;Open Sans||||||||&#8221; text_font_size=&#8221;18px&#8221; text_line_height=&#8221;1.8em&#8221; header_font=&#8221;||||||||&#8221; header_2_font=&#8221;Poppins|700|||||||&#8221; header_2_font_size=&#8221;57px&#8221; header_2_line_height=&#8221;1.3em&#8221; header_3_font=&#8221;Poppins|700||on|||||&#8221; header_3_text_color=&#8221;rgba(43,51,68,0.2)&#8221; header_4_font=&#8221;Poppins|700|||||||&#8221; header_4_font_size=&#8221;22px&#8221; header_4_line_height=&#8221;1.4em&#8221; custom_margin=&#8221;|||&#8221; custom_padding=&#8221;|||&#8221; header_2_font_size_tablet=&#8221;76px&#8221; header_2_font_size_phone=&#8221;30px&#8221; header_2_font_size_last_edited=&#8221;on|desktop&#8221;]<\/p>\n<h3>Wir suchen Dich!<\/h3>\n<h2>CAM \/ CAD Programmierer \/ Techniker<\/h2>\n<h3>-Vollzeitstelle-<\/h3>\n<p>&nbsp;<\/p>\n<p>&nbsp;<\/p>\n<p>M\u00f6chtest Du ein Teil eines jungen und motivierten Teams mit schlanken Hierarchien werden? Deine Kollegen sind eine Mischung aus erfahrenen Mitarbeitern als auch Berufseinsteigern. Bei uns arbeitest du immer am Puls der Zeit. Wir legen Wert auf die pers\u00f6nliche Entwicklung unserer Mitarbeiter.[\/et_pb_text][\/et_pb_column][\/et_pb_row][et_pb_row column_structure=&#8221;1_3,2_3&#8243; use_custom_gutter=&#8221;on&#8221; gutter_width=&#8221;2&#8243; admin_label=&#8221;Content area&#8221; _builder_version=&#8221;4.0.7&#8243; animation_style=&#8221;fold&#8221; animation_direction=&#8221;left&#8221; animation_intensity_fold=&#8221;20%&#8221; use_custom_width=&#8221;on&#8221; custom_width_px=&#8221;1280px&#8221;][et_pb_column type=&#8221;1_3&#8243; _builder_version=&#8221;3.25&#8243; custom_padding=&#8221;5%|||&#8221; custom_padding_tablet=&#8221;&#8221; custom_padding_phone=&#8221;0%|||&#8221; custom_padding_last_edited=&#8221;on|desktop&#8221; padding_phone=&#8221;0%|||&#8221; padding_last_edited=&#8221;on|desktop&#8221; custom_padding__hover=&#8221;|||&#8221;][et_pb_image src=&#8221;https:\/\/www.r-u-b.de\/wp-content\/uploads\/2021\/03\/Dein-neuer-Job-r-u-b-530-min.png&#8221; alt=&#8221;Dein neuer Job bei R+B!&#8221; title_text=&#8221;Dein-neuer-Job-r-u-b-530-min&#8221; force_fullwidth=&#8221;on&#8221; align_tablet=&#8221;center&#8221; align_phone=&#8221;&#8221; align_last_edited=&#8221;on|desktop&#8221; _builder_version=&#8221;4.9.1&#8243; custom_margin=&#8221;-50px||12%||false|false&#8221; custom_margin_tablet=&#8221;0px||||false|false&#8221; custom_margin_phone=&#8221;&#8221; custom_margin_last_edited=&#8221;on|tablet&#8221; animation_style=&#8221;fold&#8221; animation_direction=&#8221;left&#8221; animation_intensity_fold=&#8221;20%&#8221; locked=&#8221;off&#8221;][\/et_pb_image][\/et_pb_column][et_pb_column type=&#8221;2_3&#8243; _builder_version=&#8221;3.25&#8243; custom_padding=&#8221;|||&#8221; custom_padding__hover=&#8221;|||&#8221;][et_pb_text _builder_version=&#8221;4.9.1&#8243; text_font=&#8221;Open Sans||||||||&#8221; text_font_size=&#8221;18px&#8221; text_line_height=&#8221;1.8em&#8221; header_font=&#8221;||||||||&#8221; header_2_font=&#8221;|700|||||||&#8221; header_2_font_size=&#8221;57px&#8221; header_2_letter_spacing=&#8221;-1px&#8221; header_2_line_height=&#8221;1.3em&#8221; header_3_font=&#8221;Poppins|700||on|||||&#8221; header_3_text_color=&#8221;rgba(43,51,68,0.2)&#8221; header_4_font=&#8221;Poppins|700|||||||&#8221; header_4_font_size=&#8221;22px&#8221; header_4_line_height=&#8221;1.4em&#8221; max_width=&#8221;700px&#8221; custom_margin=&#8221;|||&#8221; custom_padding=&#8221;0px|||||&#8221; header_2_font_size_tablet=&#8221;76px&#8221; header_2_font_size_phone=&#8221;30px&#8221; header_2_font_size_last_edited=&#8221;on|desktop&#8221; locked=&#8221;off&#8221;]<\/p>\n<p><strong>Du suchst eine neue Herausforderung als CAD CAM Programmierer (m\/w\/d) ?<\/strong><\/p>\n<p>Dann bist du hier genau richtig: Zum n\u00e4chstm\u00f6glichen Zeitpunkt suchen wir einen CAD CAM Programmierer (m\/w\/d).<br \/>Zu deinen Aufgaben geh\u00f6ren unter anderem die Erstellung und Entwicklung neuer Postprozessoren und Simulationen nach Kundenwunsch.<\/p>\n<p>[\/et_pb_text][\/et_pb_column][\/et_pb_row][\/et_pb_section][et_pb_section fb_built=&#8221;1&#8243; _builder_version=&#8221;4.0.7&#8243; da_disable_devices=&#8221;off|off|off&#8221; da_is_popup=&#8221;off&#8221; da_exit_intent=&#8221;off&#8221; da_has_close=&#8221;on&#8221; da_alt_close=&#8221;off&#8221; da_dark_close=&#8221;off&#8221; da_not_modal=&#8221;on&#8221; da_is_singular=&#8221;off&#8221; da_with_loader=&#8221;off&#8221; da_has_shadow=&#8221;on&#8221;][et_pb_row _builder_version=&#8221;4.0.7&#8243;][et_pb_column type=&#8221;4_4&#8243; _builder_version=&#8221;4.0.7&#8243;][et_pb_text _builder_version=&#8221;4.9.1&#8243;]<\/p>\n<p><strong>Deine Kompetenzen: \u00a0<\/strong><\/p>\n<ul>\n<li>Ausbildung mit Techniker- bzw. Facharbeiterabschluss in der Metallbranche und berufliche Erfahrung in der CNC-Programmierung mit CAM-Systemen oder Anwendungs-\/Fachinformatiker<\/li>\n<li>Gute Kenntnisse eines CAM Systems, Erfahrungen in der Entwicklung von Postprozessoren<\/li>\n<li>Verst\u00e4ndnisf\u00e4higkeit und Analysef\u00e4higkeit von Produktions- und Prozessabl\u00e4ufen<\/li>\n<li>Teamgeist, hohe Einsatzbereitschaft und eine selbstst\u00e4ndige Arbeitsweise<\/li>\n<li>W\u00fcnschenswert: Gute IT Grundkenntnisse, Grundkenntnisse einer h\u00f6heren Programmiersprache wie C++ oder Visual Basic, allgemeines Interesse an aktueller Technik und der Metallbranche<\/li>\n<li>F\u00fchrerscheine: Fahrerlaubnis B PKW\/Kleinbusse (alt: FS 3)<\/li>\n<\/ul>\n<p><strong>Wir bieten \u2026<\/strong><\/p>\n<p>Attraktives Umfeld<\/p>\n<ul>\n<li>spannende Herausforderungen in einem erfolgreichen und zukunftsorientierten Unternehmen<\/li>\n<li>Planungssicherheit durch unbefristete Arbeitsvertr\u00e4ge mit einer langfristigen Perspektive<\/li>\n<li>eine offene Unternehmenskultur mit flachen Hierarchien<\/li>\n<\/ul>\n<p>&nbsp;<\/p>\n<p><strong>Wie geht&#8217;s weiter?<\/strong><\/p>\n<p>Haben wir dein Interesse geweckt?<br \/>Dann bewerbe dich einfach per eMail: <a href=\"m&#97;&#x69;&#x6c;&#x74;o&#58;&#105;&#x6e;&#x66;o&#64;&#114;&#x2d;&#x75;-b&#46;&#x64;&#x65;\">i&#110;&#102;&#x6f;&#x40;r&#45;&#117;&#x2d;&#x62;&#x2e;d&#101;<\/a><br \/>Wir freuen uns auf deine aussagekr\u00e4ftige Bewerbung mit Angabe des m\u00f6glichen Eintrittstermins sowie deiner Gehaltsvorstellung.<\/p>\n<p>[\/et_pb_text][\/et_pb_column][\/et_pb_row][\/et_pb_section]<\/p>\n","protected":false},"excerpt":{"rendered":"<p>CAM \/ CAD Programmierer \/ TechnikerWir suchen Dich! CAM \/ CAD Programmierer \/ Techniker -Vollzeitstelle- &nbsp; &nbsp; M\u00f6chtest Du ein Teil eines jungen und motivierten Teams mit schlanken Hierarchien werden? Deine Kollegen sind eine Mischung aus erfahrenen Mitarbeitern als auch Berufseinsteigern. Bei uns arbeitest du immer am Puls der Zeit. Wir legen Wert auf die [&hellip;]<\/p>\n","protected":false},"author":17,"featured_media":0,"parent":7783,"menu_order":0,"comment_status":"closed","ping_status":"closed","template":"","meta":{"_et_pb_use_builder":"on","_et_pb_old_content":"[et_pb_section fb_built=\"1\" next_background_color=\"#ffffff\" admin_label=\"Hero\" _builder_version=\"4.0.9\" use_background_color_gradient=\"on\" background_color_gradient_start=\"#dcc2a3\" background_color_gradient_end=\"#00aeef\" background_color_gradient_direction=\"129deg\" background_color_gradient_start_position=\"18%\" background_color_gradient_end_position=\"92%\" background_image=\"https:\/\/www.r-u-b.de\/wp-content\/uploads\/2020\/01\/AdobeStock_302665136-1920.jpg\" background_blend=\"multiply\" width=\"100%\" height=\"570px\" height_tablet=\"\" height_phone=\"\" height_last_edited=\"on|phone\" custom_margin=\"50px||||false|false\" custom_padding=\"||||false|false\" filter_saturate=\"89%\" filter_brightness=\"106%\" bottom_divider_style=\"mountains2\" bottom_divider_height=\"12vw\" bottom_divider_repeat=\"0.6x\" bottom_divider_flip=\"horizontal|vertical\" da_disable_devices=\"off|off|off\" da_is_popup=\"off\" da_exit_intent=\"off\" da_has_close=\"on\" da_alt_close=\"off\" da_dark_close=\"off\" da_not_modal=\"on\" da_is_singular=\"off\" da_with_loader=\"off\" da_has_shadow=\"on\"][et_pb_row column_structure=\"3_5,2_5\" _builder_version=\"4.0.2\" max_width=\"1480px\" custom_margin=\"|||\" custom_padding=\"27px|0px|0|0px|false|false\"][et_pb_column type=\"3_5\" _builder_version=\"3.25\" custom_padding=\"|||\" custom_padding__hover=\"|||\"][et_pb_text module_class=\"job-header\" _builder_version=\"4.9.1\" text_font=\"||||||||\" header_font=\"|700|||||||\" header_font_size=\"90px\" header_line_height=\"1.4em\" header_2_font=\"|600|||||||\" header_2_text_color=\"rgba(255,255,255,0.6)\" header_2_font_size=\"32px\" header_2_line_height=\"1.4em\" background_layout=\"dark\" animation_style=\"slide\" animation_direction=\"right\" animation_intensity_slide=\"4%\" header_font_size_tablet=\"50px\" header_font_size_phone=\"32px\" header_font_size_last_edited=\"on|desktop\" header_2_font_size_tablet=\"\" header_2_font_size_phone=\"24px\" header_2_font_size_last_edited=\"on|phone\"]<h1>CAM \/ CAD Programmierer \/ Techniker<\/h1>[\/et_pb_text][\/et_pb_column][et_pb_column type=\"2_5\" _builder_version=\"3.25\" custom_padding=\"|||\" custom_padding__hover=\"|||\"][et_pb_image src=\"https:\/\/www.r-u-b.de\/wp-content\/uploads\/2019\/11\/AdobeStock_211795768-1024.jpg\" _builder_version=\"4.0.7\" use_background_color_gradient=\"on\" background_color_gradient_start=\"rgba(0,0,0,0)\" background_color_gradient_end=\"rgba(0,0,0,0)\" background_color_gradient_direction=\"142deg\" background_color_gradient_start_position=\"12%\" background_color_gradient_end_position=\"68%\" transform_translate_linked=\"off\" custom_margin=\"||||false|false\" custom_padding=\"||||false|false\" animation_style=\"flip\"][\/et_pb_image][\/et_pb_column][\/et_pb_row][\/et_pb_section][et_pb_section fb_built=\"1\" admin_label=\"Wir bieten\" _builder_version=\"4.0.2\" da_disable_devices=\"off|off|off\" da_is_popup=\"off\" da_exit_intent=\"off\" da_has_close=\"on\" da_alt_close=\"off\" da_dark_close=\"off\" da_not_modal=\"on\" da_is_singular=\"off\" da_with_loader=\"off\" da_has_shadow=\"on\"][et_pb_row _builder_version=\"4.0.7\"][et_pb_column type=\"4_4\" _builder_version=\"4.0.7\"][et_pb_text _builder_version=\"4.9.1\" text_font=\"Open Sans||||||||\" text_font_size=\"18px\" text_line_height=\"1.8em\" header_font=\"||||||||\" header_2_font=\"Poppins|700|||||||\" header_2_font_size=\"57px\" header_2_line_height=\"1.3em\" header_3_font=\"Poppins|700||on|||||\" header_3_text_color=\"rgba(43,51,68,0.2)\" header_4_font=\"Poppins|700|||||||\" header_4_font_size=\"22px\" header_4_line_height=\"1.4em\" custom_margin=\"|||\" custom_padding=\"|||\" header_2_font_size_tablet=\"76px\" header_2_font_size_phone=\"30px\" header_2_font_size_last_edited=\"on|desktop\"]<h3>Wir suchen Dich!<\/h3>\r\n<h2>CAM \/ CAD Programmierer \/ Techniker<\/h2>\r\n<h3>-Vollzeitstelle-<\/h3>\r\n\u00a0\r\n\r\n\u00a0\r\n\r\nM\u00f6chtest Du ein Teil eines jungen und motivierten Teams mit schlanken Hierarchien werden? Deine Kollegen sind eine Mischung aus erfahrenen Mitarbeitern als auch Berufseinsteigern. Bei uns arbeitest du immer am Puls der Zeit. Wir legen Wert auf die pers\u00f6nliche Entwicklung unserer Mitarbeiter.[\/et_pb_text][\/et_pb_column][\/et_pb_row][et_pb_row column_structure=\"1_3,2_3\" use_custom_gutter=\"on\" gutter_width=\"2\" admin_label=\"Content area\" _builder_version=\"4.0.7\" animation_style=\"fold\" animation_direction=\"left\" animation_intensity_fold=\"20%\" use_custom_width=\"on\" custom_width_px=\"1280px\"][et_pb_column type=\"1_3\" _builder_version=\"3.25\" custom_padding=\"5%|||\" custom_padding_tablet=\"\" custom_padding_phone=\"0%|||\" custom_padding_last_edited=\"on|desktop\" padding_phone=\"0%|||\" padding_last_edited=\"on|desktop\" custom_padding__hover=\"|||\"][et_pb_image src=\"https:\/\/www.r-u-b.de\/wp-content\/uploads\/2021\/03\/Dein-neuer-Job-r-u-b-530-min.png\" alt=\"Dein neuer Job bei R+B!\" title_text=\"Dein-neuer-Job-r-u-b-530-min\" force_fullwidth=\"on\" align_tablet=\"center\" align_phone=\"\" align_last_edited=\"on|desktop\" _builder_version=\"4.9.1\" custom_margin=\"-50px||12%||false|false\" custom_margin_tablet=\"0px||||false|false\" custom_margin_phone=\"\" custom_margin_last_edited=\"on|tablet\" animation_style=\"fold\" animation_direction=\"left\" animation_intensity_fold=\"20%\" locked=\"off\"][\/et_pb_image][\/et_pb_column][et_pb_column type=\"2_3\" _builder_version=\"3.25\" custom_padding=\"|||\" custom_padding__hover=\"|||\"][et_pb_text _builder_version=\"4.9.1\" text_font=\"Open Sans||||||||\" text_font_size=\"18px\" text_line_height=\"1.8em\" header_font=\"||||||||\" header_2_font=\"|700|||||||\" header_2_font_size=\"57px\" header_2_letter_spacing=\"-1px\" header_2_line_height=\"1.3em\" header_3_font=\"Poppins|700||on|||||\" header_3_text_color=\"rgba(43,51,68,0.2)\" header_4_font=\"Poppins|700|||||||\" header_4_font_size=\"22px\" header_4_line_height=\"1.4em\" max_width=\"700px\" custom_margin=\"|||\" custom_padding=\"0px|||||\" header_2_font_size_tablet=\"76px\" header_2_font_size_phone=\"30px\" header_2_font_size_last_edited=\"on|desktop\" locked=\"off\"]<p><strong>Du suchst eine neue Herausforderung als CAD CAM Programmierer (m\/w\/d) ?<\/strong><\/p>\r\n<p>Dann bist du hier genau richtig: Zum n\u00e4chstm\u00f6glichen Zeitpunkt suchen wir einen CAD CAM Programmierer (m\/w\/d).<br \/>Zu deinen Aufgaben geh\u00f6ren unter anderem die Erstellung und Entwicklung neuer Postprozessoren und Simulationen nach Kundenwunsch.<\/p>[\/et_pb_text][\/et_pb_column][\/et_pb_row][\/et_pb_section][et_pb_section fb_built=\"1\" _builder_version=\"4.0.7\" da_disable_devices=\"off|off|off\" da_is_popup=\"off\" da_exit_intent=\"off\" da_has_close=\"on\" da_alt_close=\"off\" da_dark_close=\"off\" da_not_modal=\"on\" da_is_singular=\"off\" da_with_loader=\"off\" da_has_shadow=\"on\"][et_pb_row _builder_version=\"4.0.7\"][et_pb_column type=\"4_4\" _builder_version=\"4.0.7\"][et_pb_text _builder_version=\"4.9.1\"]<p><strong>Deine Kompetenzen: \u00a0<\/strong><\/p>\r\n<ul>\r\n<li>Ausbildung mit Techniker- bzw. Facharbeiterabschluss in der Metallbranche und berufliche Erfahrung in der CNC-Programmierung mit CAM-Systemen oder Anwendungs-\/Fachinformatiker<\/li>\r\n<li>Gute Kenntnisse eines CAM Systems, Erfahrungen in der Entwicklung von Postprozessoren<\/li>\r\n<li>Verst\u00e4ndnisf\u00e4higkeit und Analysef\u00e4higkeit von Produktions- und Prozessabl\u00e4ufen<\/li>\r\n<li>Teamgeist, hohe Einsatzbereitschaft und eine selbstst\u00e4ndige Arbeitsweise<\/li>\r\n<li>W\u00fcnschenswert: Gute IT Grundkenntnisse, Grundkenntnisse einer h\u00f6heren Programmiersprache wie C++ oder Visual Basic, allgemeines Interesse an aktueller Technik und der Metallbranche<\/li>\r\n<li>F\u00fchrerscheine: Fahrerlaubnis B PKW\/Kleinbusse (alt: FS 3)<\/li>\r\n<\/ul>\r\n<p><strong>Wir bieten \u2026<\/strong><\/p>\r\n<p>Attraktives Umfeld<\/p>\r\n<ul>\r\n<li>spannende Herausforderungen in einem erfolgreichen und zukunftsorientierten Unternehmen<\/li>\r\n<li>Planungssicherheit durch unbefristete Arbeitsvertr\u00e4ge mit einer langfristigen Perspektive<\/li>\r\n<li>eine offene Unternehmenskultur mit flachen Hierarchien<\/li>\r\n<\/ul>\r\n<p>\u00a0<\/p>\r\n<p><strong>Wie geht's weiter?<\/strong><\/p>\r\n<p>Haben wir dein Interesse geweckt?<br \/>Dann bewerbe dich einfach per eMail: <a href=\"mailto:info@r-u-b.de\">info@r-u-b.de<\/a><br \/>Wir freuen uns auf deine aussagekr\u00e4ftige Bewerbung mit Angabe des m\u00f6glichen Eintrittstermins sowie deiner Gehaltsvorstellung.<\/p>[\/et_pb_text][\/et_pb_column][\/et_pb_row][\/et_pb_section]","_et_gb_content_width":"","footnotes":""},"class_list":["post-10493","page","type-page","status-publish","hentry"],"yoast_head":"<!-- This site is optimized with the Yoast SEO plugin v27.3 - https:\/\/yoast.com\/product\/yoast-seo-wordpress\/ -->\n<title>CAM \/ CAD Programmierer \/ Techniker - R+B Entwicklungs- und Vertriebs GmbH<\/title>\n<meta name=\"robots\" content=\"index, follow, max-snippet:-1, max-image-preview:large, max-video-preview:-1\" \/>\n<link rel=\"canonical\" href=\"https:\/\/www.r-u-b.de\/en\/about-us\/careers\/cam-cad-programmierer-techniker\/\" \/>\n<meta property=\"og:locale\" content=\"en_US\" \/>\n<meta property=\"og:type\" content=\"article\" \/>\n<meta property=\"og:title\" content=\"CAM \/ CAD Programmierer \/ Techniker - R+B Entwicklungs- und Vertriebs GmbH\" \/>\n<meta property=\"og:description\" content=\"CAM \/ CAD Programmierer \/ TechnikerWir suchen Dich! CAM \/ CAD Programmierer \/ Techniker -Vollzeitstelle- &nbsp; &nbsp; M\u00f6chtest Du ein Teil eines jungen und motivierten Teams mit schlanken Hierarchien werden? Deine Kollegen sind eine Mischung aus erfahrenen Mitarbeitern als auch Berufseinsteigern. Bei uns arbeitest du immer am Puls der Zeit. Wir legen Wert auf die [&hellip;]\" \/>\n<meta property=\"og:url\" content=\"https:\/\/www.r-u-b.de\/en\/about-us\/careers\/cam-cad-programmierer-techniker\/\" \/>\n<meta property=\"og:site_name\" content=\"R+B Entwicklungs- und Vertriebs GmbH\" \/>\n<meta property=\"article:publisher\" content=\"https:\/\/www.facebook.com\/RuB.Entwicklung\/\" \/>\n<meta property=\"article:modified_time\" content=\"2021-03-12T14:21:16+00:00\" \/>\n<meta property=\"og:image\" content=\"https:\/\/www.r-u-b.de\/wp-content\/uploads\/2019\/10\/RB-Logo.jpg\" \/>\n\t<meta property=\"og:image:width\" content=\"230\" \/>\n\t<meta property=\"og:image:height\" content=\"219\" \/>\n\t<meta property=\"og:image:type\" content=\"image\/jpeg\" \/>\n<meta name=\"twitter:label1\" content=\"Est. reading time\" \/>\n\t<meta name=\"twitter:data1\" content=\"5 minutes\" \/>\n<script type=\"application\/ld+json\" class=\"yoast-schema-graph\">{\"@context\":\"https:\\\/\\\/schema.org\",\"@graph\":[{\"@type\":\"WebPage\",\"@id\":\"https:\\\/\\\/www.r-u-b.de\\\/en\\\/about-us\\\/careers\\\/cam-cad-programmierer-techniker\\\/\",\"url\":\"https:\\\/\\\/www.r-u-b.de\\\/en\\\/about-us\\\/careers\\\/cam-cad-programmierer-techniker\\\/\",\"name\":\"CAM \\\/ CAD Programmierer \\\/ Techniker - R+B Entwicklungs- und Vertriebs GmbH\",\"isPartOf\":{\"@id\":\"https:\\\/\\\/www.r-u-b.de\\\/en\\\/#website\"},\"datePublished\":\"2021-03-12T14:21:11+00:00\",\"dateModified\":\"2021-03-12T14:21:16+00:00\",\"breadcrumb\":{\"@id\":\"https:\\\/\\\/www.r-u-b.de\\\/en\\\/about-us\\\/careers\\\/cam-cad-programmierer-techniker\\\/#breadcrumb\"},\"inLanguage\":\"en-US\",\"potentialAction\":[{\"@type\":\"ReadAction\",\"target\":[\"https:\\\/\\\/www.r-u-b.de\\\/en\\\/about-us\\\/careers\\\/cam-cad-programmierer-techniker\\\/\"]}]},{\"@type\":\"BreadcrumbList\",\"@id\":\"https:\\\/\\\/www.r-u-b.de\\\/en\\\/about-us\\\/careers\\\/cam-cad-programmierer-techniker\\\/#breadcrumb\",\"itemListElement\":[{\"@type\":\"ListItem\",\"position\":1,\"name\":\"Startseite\",\"item\":\"https:\\\/\\\/www.r-u-b.de\\\/en\\\/\"},{\"@type\":\"ListItem\",\"position\":2,\"name\":\"About us\",\"item\":\"https:\\\/\\\/www.r-u-b.de\\\/en\\\/about-us\\\/\"},{\"@type\":\"ListItem\",\"position\":3,\"name\":\"Jobs\",\"item\":\"https:\\\/\\\/www.r-u-b.de\\\/en\\\/about-us\\\/careers\\\/\"},{\"@type\":\"ListItem\",\"position\":4,\"name\":\"CAM \\\/ CAD Programmierer \\\/ Techniker\"}]},{\"@type\":\"WebSite\",\"@id\":\"https:\\\/\\\/www.r-u-b.de\\\/en\\\/#website\",\"url\":\"https:\\\/\\\/www.r-u-b.de\\\/en\\\/\",\"name\":\"R+B Entwicklungs- und Vertriebs GmbH\",\"description\":\"Software- und Prozessl\u00f6sungen f\u00fcr den Fertigungsbereich\",\"publisher\":{\"@id\":\"https:\\\/\\\/www.r-u-b.de\\\/en\\\/#organization\"},\"potentialAction\":[{\"@type\":\"SearchAction\",\"target\":{\"@type\":\"EntryPoint\",\"urlTemplate\":\"https:\\\/\\\/www.r-u-b.de\\\/en\\\/?s={search_term_string}\"},\"query-input\":{\"@type\":\"PropertyValueSpecification\",\"valueRequired\":true,\"valueName\":\"search_term_string\"}}],\"inLanguage\":\"en-US\"},{\"@type\":\"Organization\",\"@id\":\"https:\\\/\\\/www.r-u-b.de\\\/en\\\/#organization\",\"name\":\"R+B Entwicklungs- und Vertriebs GmbH\",\"url\":\"https:\\\/\\\/www.r-u-b.de\\\/en\\\/\",\"logo\":{\"@type\":\"ImageObject\",\"inLanguage\":\"en-US\",\"@id\":\"https:\\\/\\\/www.r-u-b.de\\\/en\\\/#\\\/schema\\\/logo\\\/image\\\/\",\"url\":\"https:\\\/\\\/www.r-u-b.de\\\/wp-content\\\/uploads\\\/2019\\\/10\\\/logo_RB.png\",\"contentUrl\":\"https:\\\/\\\/www.r-u-b.de\\\/wp-content\\\/uploads\\\/2019\\\/10\\\/logo_RB.png\",\"width\":108,\"height\":98,\"caption\":\"R+B Entwicklungs- und Vertriebs GmbH\"},\"image\":{\"@id\":\"https:\\\/\\\/www.r-u-b.de\\\/en\\\/#\\\/schema\\\/logo\\\/image\\\/\"},\"sameAs\":[\"https:\\\/\\\/www.facebook.com\\\/RuB.Entwicklung\\\/\",\"https:\\\/\\\/www.linkedin.com\\\/company\\\/r-&amp;-b-entwicklungs--und-vertriebs-gmbh\\\/\",\"https:\\\/\\\/www.youtube.com\\\/channel\\\/UC-FI5SwGxjynz0oAB19sJvQ\"]}]}<\/script>\n<!-- \/ Yoast SEO plugin. -->","yoast_head_json":{"title":"CAM \/ CAD Programmierer \/ Techniker - R+B Entwicklungs- und Vertriebs GmbH","robots":{"index":"index","follow":"follow","max-snippet":"max-snippet:-1","max-image-preview":"max-image-preview:large","max-video-preview":"max-video-preview:-1"},"canonical":"https:\/\/www.r-u-b.de\/en\/about-us\/careers\/cam-cad-programmierer-techniker\/","og_locale":"en_US","og_type":"article","og_title":"CAM \/ CAD Programmierer \/ Techniker - R+B Entwicklungs- und Vertriebs GmbH","og_description":"CAM \/ CAD Programmierer \/ TechnikerWir suchen Dich! CAM \/ CAD Programmierer \/ Techniker -Vollzeitstelle- &nbsp; &nbsp; M\u00f6chtest Du ein Teil eines jungen und motivierten Teams mit schlanken Hierarchien werden? Deine Kollegen sind eine Mischung aus erfahrenen Mitarbeitern als auch Berufseinsteigern. Bei uns arbeitest du immer am Puls der Zeit. Wir legen Wert auf die [&hellip;]","og_url":"https:\/\/www.r-u-b.de\/en\/about-us\/careers\/cam-cad-programmierer-techniker\/","og_site_name":"R+B Entwicklungs- und Vertriebs GmbH","article_publisher":"https:\/\/www.facebook.com\/RuB.Entwicklung\/","article_modified_time":"2021-03-12T14:21:16+00:00","og_image":[{"width":230,"height":219,"url":"https:\/\/www.r-u-b.de\/wp-content\/uploads\/2019\/10\/RB-Logo.jpg","type":"image\/jpeg"}],"twitter_misc":{"Est. reading time":"5 minutes"},"schema":{"@context":"https:\/\/schema.org","@graph":[{"@type":"WebPage","@id":"https:\/\/www.r-u-b.de\/en\/about-us\/careers\/cam-cad-programmierer-techniker\/","url":"https:\/\/www.r-u-b.de\/en\/about-us\/careers\/cam-cad-programmierer-techniker\/","name":"CAM \/ CAD Programmierer \/ Techniker - R+B Entwicklungs- und Vertriebs GmbH","isPartOf":{"@id":"https:\/\/www.r-u-b.de\/en\/#website"},"datePublished":"2021-03-12T14:21:11+00:00","dateModified":"2021-03-12T14:21:16+00:00","breadcrumb":{"@id":"https:\/\/www.r-u-b.de\/en\/about-us\/careers\/cam-cad-programmierer-techniker\/#breadcrumb"},"inLanguage":"en-US","potentialAction":[{"@type":"ReadAction","target":["https:\/\/www.r-u-b.de\/en\/about-us\/careers\/cam-cad-programmierer-techniker\/"]}]},{"@type":"BreadcrumbList","@id":"https:\/\/www.r-u-b.de\/en\/about-us\/careers\/cam-cad-programmierer-techniker\/#breadcrumb","itemListElement":[{"@type":"ListItem","position":1,"name":"Startseite","item":"https:\/\/www.r-u-b.de\/en\/"},{"@type":"ListItem","position":2,"name":"About us","item":"https:\/\/www.r-u-b.de\/en\/about-us\/"},{"@type":"ListItem","position":3,"name":"Jobs","item":"https:\/\/www.r-u-b.de\/en\/about-us\/careers\/"},{"@type":"ListItem","position":4,"name":"CAM \/ CAD Programmierer \/ Techniker"}]},{"@type":"WebSite","@id":"https:\/\/www.r-u-b.de\/en\/#website","url":"https:\/\/www.r-u-b.de\/en\/","name":"R+B Entwicklungs- und Vertriebs GmbH","description":"Software- und Prozessl\u00f6sungen f\u00fcr den Fertigungsbereich","publisher":{"@id":"https:\/\/www.r-u-b.de\/en\/#organization"},"potentialAction":[{"@type":"SearchAction","target":{"@type":"EntryPoint","urlTemplate":"https:\/\/www.r-u-b.de\/en\/?s={search_term_string}"},"query-input":{"@type":"PropertyValueSpecification","valueRequired":true,"valueName":"search_term_string"}}],"inLanguage":"en-US"},{"@type":"Organization","@id":"https:\/\/www.r-u-b.de\/en\/#organization","name":"R+B Entwicklungs- und Vertriebs GmbH","url":"https:\/\/www.r-u-b.de\/en\/","logo":{"@type":"ImageObject","inLanguage":"en-US","@id":"https:\/\/www.r-u-b.de\/en\/#\/schema\/logo\/image\/","url":"https:\/\/www.r-u-b.de\/wp-content\/uploads\/2019\/10\/logo_RB.png","contentUrl":"https:\/\/www.r-u-b.de\/wp-content\/uploads\/2019\/10\/logo_RB.png","width":108,"height":98,"caption":"R+B Entwicklungs- und Vertriebs GmbH"},"image":{"@id":"https:\/\/www.r-u-b.de\/en\/#\/schema\/logo\/image\/"},"sameAs":["https:\/\/www.facebook.com\/RuB.Entwicklung\/","https:\/\/www.linkedin.com\/company\/r-&amp;-b-entwicklungs--und-vertriebs-gmbh\/","https:\/\/www.youtube.com\/channel\/UC-FI5SwGxjynz0oAB19sJvQ"]}]}},"_links":{"self":[{"href":"https:\/\/www.r-u-b.de\/en\/wp-json\/wp\/v2\/pages\/10493","targetHints":{"allow":["GET"]}}],"collection":[{"href":"https:\/\/www.r-u-b.de\/en\/wp-json\/wp\/v2\/pages"}],"about":[{"href":"https:\/\/www.r-u-b.de\/en\/wp-json\/wp\/v2\/types\/page"}],"author":[{"embeddable":true,"href":"https:\/\/www.r-u-b.de\/en\/wp-json\/wp\/v2\/users\/17"}],"replies":[{"embeddable":true,"href":"https:\/\/www.r-u-b.de\/en\/wp-json\/wp\/v2\/comments?post=10493"}],"version-history":[{"count":0,"href":"https:\/\/www.r-u-b.de\/en\/wp-json\/wp\/v2\/pages\/10493\/revisions"}],"up":[{"embeddable":true,"href":"https:\/\/www.r-u-b.de\/en\/wp-json\/wp\/v2\/pages\/7783"}],"wp:attachment":[{"href":"https:\/\/www.r-u-b.de\/en\/wp-json\/wp\/v2\/media?parent=10493"}],"curies":[{"name":"wp","href":"https:\/\/api.w.org\/{rel}","templated":true}]}}