{"id":11126,"date":"2019-11-29T12:25:32","date_gmt":"2019-11-29T12:25:32","guid":{"rendered":"https:\/\/www.r-u-b.de\/acerca-de-nosotros\/jobs\/"},"modified":"2021-07-12T12:30:05","modified_gmt":"2021-07-12T11:30:05","slug":"carreras","status":"publish","type":"page","link":"https:\/\/www.r-u-b.de\/es\/acerca-de-nosotros\/carreras\/","title":{"rendered":"Carreras"},"content":{"rendered":"<p>[et_pb_section fb_built=&#8221;1&#8243; next_background_color=&#8221;#ffffff&#8221; admin_label=&#8221;Hero&#8221; _builder_version=&#8221;4.0.9&#8243; use_background_color_gradient=&#8221;on&#8221; background_color_gradient_start=&#8221;#dcc2a3&#8243; background_color_gradient_end=&#8221;#00aeef&#8221; background_color_gradient_direction=&#8221;129deg&#8221; background_color_gradient_start_position=&#8221;18%&#8221; background_color_gradient_end_position=&#8221;92%&#8221; background_image=&#8221;https:\/\/www.r-u-b.de\/wp-content\/uploads\/2020\/01\/AdobeStock_302665136-1920.jpg&#8221; background_blend=&#8221;multiply&#8221; width=&#8221;100%&#8221; height=&#8221;570px&#8221; height_tablet=&#8221;&#8221; height_phone=&#8221;&#8221; height_last_edited=&#8221;on|phone&#8221; custom_margin=&#8221;50px||||false|false&#8221; custom_padding=&#8221;||||false|false&#8221; filter_saturate=&#8221;89%&#8221; filter_brightness=&#8221;106%&#8221; bottom_divider_style=&#8221;mountains2&#8243; bottom_divider_height=&#8221;12vw&#8221; bottom_divider_repeat=&#8221;0.6x&#8221; bottom_divider_flip=&#8221;horizontal|vertical&#8221; da_disable_devices=&#8221;off|off|off&#8221; da_is_popup=&#8221;off&#8221; da_exit_intent=&#8221;off&#8221; da_has_close=&#8221;on&#8221; da_alt_close=&#8221;off&#8221; da_dark_close=&#8221;off&#8221; da_not_modal=&#8221;on&#8221; da_is_singular=&#8221;off&#8221; da_with_loader=&#8221;off&#8221; da_has_shadow=&#8221;on&#8221;][et_pb_row column_structure=&#8221;3_5,2_5&#8243; _builder_version=&#8221;4.0.2&#8243; max_width=&#8221;1480px&#8221; custom_margin=&#8221;|||&#8221; custom_padding=&#8221;27px|0px|0|0px|false|false&#8221;][et_pb_column type=&#8221;3_5&#8243; _builder_version=&#8221;3.25&#8243; custom_padding=&#8221;|||&#8221; custom_padding__hover=&#8221;|||&#8221;][et_pb_text module_class=&#8221;job-header&#8221; _builder_version=&#8221;4.9.7&#8243; text_font=&#8221;||||||||&#8221; header_font=&#8221;|700|||||||&#8221; header_font_size=&#8221;90px&#8221; header_line_height=&#8221;1.4em&#8221; header_2_font=&#8221;|600|||||||&#8221; header_2_text_color=&#8221;rgba(255,255,255,0.6)&#8221; header_2_font_size=&#8221;32px&#8221; header_2_line_height=&#8221;1.4em&#8221; background_layout=&#8221;dark&#8221; animation_style=&#8221;slide&#8221; animation_direction=&#8221;right&#8221; animation_intensity_slide=&#8221;4%&#8221; header_font_size_tablet=&#8221;50px&#8221; header_font_size_phone=&#8221;32px&#8221; header_font_size_last_edited=&#8221;on|desktop&#8221; header_2_font_size_tablet=&#8221;&#8221; header_2_font_size_phone=&#8221;24px&#8221; header_2_font_size_last_edited=&#8221;on|phone&#8221;]<\/p>\n<h1>Ofertas de empleo<br \/>\nForme parte de nuestro equipo<\/h1>\n<p>[\/et_pb_text][\/et_pb_column][et_pb_column type=&#8221;2_5&#8243; _builder_version=&#8221;3.25&#8243; custom_padding=&#8221;|||&#8221; custom_padding__hover=&#8221;|||&#8221;][et_pb_image src=&#8221;https:\/\/www.r-u-b.de\/wp-content\/uploads\/2019\/11\/AdobeStock_211795768-1024.jpg&#8221; _builder_version=&#8221;4.0.7&#8243; use_background_color_gradient=&#8221;on&#8221; background_color_gradient_start=&#8221;rgba(0,0,0,0)&#8221; background_color_gradient_end=&#8221;rgba(0,0,0,0)&#8221; background_color_gradient_direction=&#8221;142deg&#8221; background_color_gradient_start_position=&#8221;12%&#8221; background_color_gradient_end_position=&#8221;68%&#8221; transform_translate_linked=&#8221;off&#8221; custom_margin=&#8221;||||false|false&#8221; custom_padding=&#8221;||||false|false&#8221; animation_style=&#8221;flip&#8221;][\/et_pb_image][\/et_pb_column][\/et_pb_row][\/et_pb_section][et_pb_section fb_built=&#8221;1&#8243; admin_label=&#8221;Wir bieten&#8221; _builder_version=&#8221;4.0.2&#8243; da_disable_devices=&#8221;off|off|off&#8221; da_is_popup=&#8221;off&#8221; da_exit_intent=&#8221;off&#8221; da_has_close=&#8221;on&#8221; da_alt_close=&#8221;off&#8221; da_dark_close=&#8221;off&#8221; da_not_modal=&#8221;on&#8221; da_is_singular=&#8221;off&#8221; da_with_loader=&#8221;off&#8221; da_has_shadow=&#8221;on&#8221;][et_pb_row _builder_version=&#8221;4.0.7&#8243;][et_pb_column type=&#8221;4_4&#8243; _builder_version=&#8221;4.0.7&#8243;][et_pb_text _builder_version=&#8221;4.9.7&#8243; text_font=&#8221;Open Sans||||||||&#8221; text_font_size=&#8221;18px&#8221; text_line_height=&#8221;1.8em&#8221; header_font=&#8221;||||||||&#8221; header_2_font=&#8221;Poppins|700|||||||&#8221; header_2_font_size=&#8221;57px&#8221; header_2_line_height=&#8221;1.3em&#8221; header_3_font=&#8221;Poppins|700||on|||||&#8221; header_3_text_color=&#8221;rgba(43,51,68,0.2)&#8221; header_4_font=&#8221;Poppins|700|||||||&#8221; header_4_font_size=&#8221;22px&#8221; header_4_line_height=&#8221;1.4em&#8221; custom_margin=&#8221;|||&#8221; custom_padding=&#8221;|||&#8221; header_2_font_size_tablet=&#8221;76px&#8221; header_2_font_size_phone=&#8221;30px&#8221; header_2_font_size_last_edited=&#8221;on|desktop&#8221;]<\/p>\n<h3>Forme parte de nuestro equipo<\/h3>\n<h2>Nuestras vacantes actuales<\/h2>\n<h3>Encuentra el trabajo que te conviene<\/h3>\n<p>[\/et_pb_text][\/et_pb_column][\/et_pb_row][\/et_pb_section][et_pb_section fb_built=&#8221;1&#8243; _builder_version=&#8221;4.9.1&#8243; _module_preset=&#8221;default&#8221; da_disable_devices=&#8221;off|off|off&#8221; da_is_popup=&#8221;off&#8221; da_exit_intent=&#8221;off&#8221; da_has_close=&#8221;on&#8221; da_alt_close=&#8221;off&#8221; da_dark_close=&#8221;off&#8221; da_not_modal=&#8221;on&#8221; da_is_singular=&#8221;off&#8221; da_with_loader=&#8221;off&#8221; da_has_shadow=&#8221;on&#8221;][et_pb_row _builder_version=&#8221;4.9.1&#8243; _module_preset=&#8221;default&#8221;][et_pb_column type=&#8221;4_4&#8243; _builder_version=&#8221;4.9.1&#8243; _module_preset=&#8221;default&#8221;][et_pb_blurb title=&#8221;Ausbildung zum Fachinformatiker\/in \u2013 Anwendungsentwicklung&#8221; url=&#8221;https:\/\/www.r-u-b.de\/ueber-uns\/jobs\/ausbildung-zum-fachinformatiker-in-anwendungsentwicklung\/&#8221; use_icon=&#8221;on&#8221; font_icon=&#8221;%%204%%&#8221; icon_color=&#8221;#009FE3&#8243; icon_placement=&#8221;left&#8221; content_max_width=&#8221;100%&#8221; icon_color_tablet=&#8221;&#8221; icon_color_phone=&#8221;&#8221; icon_color_last_edited=&#8221;on|desktop&#8221; _builder_version=&#8221;4.9.1&#8243; _module_preset=&#8221;default&#8221; header_level=&#8221;h3&#8243; header_font=&#8221;|700|||||||&#8221; background_color=&#8221;RGBA(0,0,0,0)&#8221; custom_padding=&#8221;20px|20px|20px|20px|true|true&#8221; link_option_url=&#8221;https:\/\/www.r-u-b.de\/ueber-uns\/jobs\/ausbildung-zum-fachinformatiker-in-anwendungsentwicklung\/&#8221; border_width_bottom=&#8221;1px&#8221; border_color_bottom=&#8221;#009FE3&#8243; icon_color__hover_enabled=&#8221;on|hover&#8221; icon_color__hover=&#8221;rgba(0,0,0,0.1)&#8221; background__hover_enabled=&#8221;on|hover&#8221; background_color__hover=&#8221;rgba(0,159,227,0.1)&#8221; background_enable_color__hover=&#8221;on&#8221;]<\/p>\n<p>Unsere Zukunft wird dank neuer digitaler Technologien komplexer und spannender denn je.<br \/>Magst Du an dieser aufregenden Entwicklung teilhaben und sie mit beeinflussen? Magst du dich gerne in die digitale Welt einarbeiten und dich in der IT-Umgebung leichtf\u00fc\u00dfig bewegen?<br \/>Eintrittstermin: 01.08.2021<\/p>\n<p>[\/et_pb_blurb][et_pb_blurb title=&#8221;Fachinformatiker Systemintegration&#8221; use_icon=&#8221;on&#8221; font_icon=&#8221;%%204%%&#8221; icon_color=&#8221;#009FE3&#8243; icon_placement=&#8221;left&#8221; content_max_width=&#8221;100%&#8221; icon_color_tablet=&#8221;&#8221; icon_color_phone=&#8221;&#8221; icon_color_last_edited=&#8221;on|desktop&#8221; _builder_version=&#8221;4.9.7&#8243; _module_preset=&#8221;default&#8221; header_level=&#8221;h3&#8243; header_font=&#8221;|700|||||||&#8221; background_color=&#8221;RGBA(0,0,0,0)&#8221; custom_padding=&#8221;20px|20px|20px|20px|true|true&#8221; link_option_url=&#8221;https:\/\/www.r-u-b.de\/es\/acerca-de-nosotros\/carreras\/fachinformatiker-systemintegration\/&#8221; hover_enabled=&#8221;0&#8243; border_width_bottom=&#8221;1px&#8221; border_color_bottom=&#8221;#009FE3&#8243; icon_color__hover_enabled=&#8221;on|hover&#8221; icon_color__hover=&#8221;rgba(0,0,0,0.1)&#8221; background__hover_enabled=&#8221;on|hover&#8221; background_color__hover=&#8221;rgba(0,159,227,0.1)&#8221; background_enable_color__hover=&#8221;on&#8221; sticky_enabled=&#8221;0&#8243;]<\/p>\n<p>Du suchst eine neue Herausforderung als Fachinformatiker Systemintegration (m\/w\/d) ?<br \/>Dann bist du hier genau richtig: Zum n\u00e4chstm\u00f6glichen Zeitpunkt suchen wir einen Fachinformatiker Systemintegration (m\/w\/d).<br \/>Zu deinen Aufgaben geh\u00f6rt unter anderem die technische Betreuung unserer Kunden.<\/p>\n<p>[\/et_pb_blurb][et_pb_blurb title=&#8221;Fachinformatiker Anwendungsentwickler&#8221; use_icon=&#8221;on&#8221; font_icon=&#8221;%%204%%&#8221; icon_color=&#8221;#009FE3&#8243; icon_placement=&#8221;left&#8221; content_max_width=&#8221;100%&#8221; icon_color_tablet=&#8221;&#8221; icon_color_phone=&#8221;&#8221; icon_color_last_edited=&#8221;on|desktop&#8221; _builder_version=&#8221;4.9.7&#8243; _module_preset=&#8221;default&#8221; header_level=&#8221;h3&#8243; header_font=&#8221;|700|||||||&#8221; background_color=&#8221;RGBA(0,0,0,0)&#8221; custom_padding=&#8221;20px|20px|20px|20px|true|true&#8221; link_option_url=&#8221;https:\/\/www.r-u-b.de\/es\/acerca-de-nosotros\/carreras\/fachinformatiker-anwendungsentwickler\/&#8221; hover_enabled=&#8221;0&#8243; border_width_bottom=&#8221;1px&#8221; border_color_bottom=&#8221;#009FE3&#8243; icon_color__hover_enabled=&#8221;on|hover&#8221; icon_color__hover=&#8221;rgba(0,0,0,0.1)&#8221; background__hover_enabled=&#8221;on|hover&#8221; background_color__hover=&#8221;rgba(0,159,227,0.1)&#8221; background_enable_color__hover=&#8221;on&#8221; sticky_enabled=&#8221;0&#8243;]<\/p>\n<p>Du suchst eine neue Herausforderung als Fachinformatiker Anwendungsentwickler (m\/w\/d) ?<strong><br \/><\/strong>Dann bist du hier genau richtig: Zum n\u00e4chstm\u00f6glichen Zeitpunkt suchen wir einen Fachinformatiker Anwendungsentwickler (m\/w\/d).<br \/>Zu deinen Aufgaben geh\u00f6rt unter anderem die Weiterentwicklung unser Hauseigenen Software.<\/p>\n<p>[\/et_pb_blurb][et_pb_blurb title=&#8221;CAM \/ CAD Programmierer \/ Techniker&#8221; use_icon=&#8221;on&#8221; font_icon=&#8221;%%204%%&#8221; icon_color=&#8221;#009FE3&#8243; icon_placement=&#8221;left&#8221; content_max_width=&#8221;100%&#8221; icon_color_tablet=&#8221;&#8221; icon_color_phone=&#8221;&#8221; icon_color_last_edited=&#8221;on|desktop&#8221; _builder_version=&#8221;4.9.7&#8243; _module_preset=&#8221;default&#8221; header_level=&#8221;h3&#8243; header_font=&#8221;|700|||||||&#8221; background_color=&#8221;RGBA(0,0,0,0)&#8221; custom_padding=&#8221;20px|20px|20px|20px|true|true&#8221; link_option_url=&#8221;https:\/\/www.r-u-b.de\/es\/acerca-de-nosotros\/carreras\/cam-cad-programmierer-techniker\/&#8221; hover_enabled=&#8221;0&#8243; border_width_bottom=&#8221;1px&#8221; border_color_bottom=&#8221;#009FE3&#8243; icon_color__hover_enabled=&#8221;on|hover&#8221; icon_color__hover=&#8221;rgba(0,0,0,0.1)&#8221; background__hover_enabled=&#8221;on|hover&#8221; background_color__hover=&#8221;rgba(0,159,227,0.1)&#8221; background_enable_color__hover=&#8221;on&#8221; sticky_enabled=&#8221;0&#8243;]<\/p>\n<p>Du suchst eine neue Herausforderung als CAD CAM Programmierer (m\/w\/d) ?<strong><br \/><\/strong>Dann bist du hier genau richtig: Zum n\u00e4chstm\u00f6glichen Zeitpunkt suchen wir einen CAD CAM Programmierer (m\/w\/d).<br \/>Zu deinen Aufgaben geh\u00f6ren unter anderem die Erstellung und Entwicklung neuer Postprozessoren und Simulationen nach Kundenwunsch.<\/p>\n<p>[\/et_pb_blurb][\/et_pb_column][\/et_pb_row][\/et_pb_section]<\/p>\n","protected":false},"excerpt":{"rendered":"<p>Ofertas de empleo Forme parte de nuestro equipoForme parte de nuestro equipo Nuestras vacantes actuales Encuentra el trabajo que te convieneUnsere Zukunft wird dank neuer digitaler Technologien komplexer und spannender denn je.Magst Du an dieser aufregenden Entwicklung teilhaben und sie mit beeinflussen? Magst du dich gerne in die digitale Welt einarbeiten und dich in der [&hellip;]<\/p>\n","protected":false},"author":1,"featured_media":0,"parent":11084,"menu_order":0,"comment_status":"closed","ping_status":"closed","template":"","meta":{"_et_pb_use_builder":"on","_et_pb_old_content":"","_et_gb_content_width":"","footnotes":""},"class_list":["post-11126","page","type-page","status-publish","hentry"],"yoast_head":"<!-- This site is optimized with the Yoast SEO plugin v27.3 - https:\/\/yoast.com\/product\/yoast-seo-wordpress\/ -->\n<title>empleo - R+B Entwicklungs- und Vertriebs GmbH<\/title>\n<meta name=\"description\" content=\"Empleo: Su carrera comienza en R+B. Hacer un aprendizaje como especialista en inform\u00e1tica en el \u00e1mbito del desarrollo de aplicaciones. La profesi\u00f3n del futuro.\" \/>\n<meta name=\"robots\" content=\"index, follow, max-snippet:-1, max-image-preview:large, max-video-preview:-1\" \/>\n<link rel=\"canonical\" href=\"https:\/\/www.r-u-b.de\/es\/acerca-de-nosotros\/carreras\/\" \/>\n<meta property=\"og:locale\" content=\"es_ES\" \/>\n<meta property=\"og:type\" content=\"article\" \/>\n<meta property=\"og:title\" content=\"empleo - R+B Entwicklungs- und Vertriebs GmbH\" \/>\n<meta property=\"og:description\" content=\"Empleo: Su carrera comienza en R+B. Hacer un aprendizaje como especialista en inform\u00e1tica en el \u00e1mbito del desarrollo de aplicaciones. La profesi\u00f3n del futuro.\" \/>\n<meta property=\"og:url\" content=\"https:\/\/www.r-u-b.de\/es\/acerca-de-nosotros\/carreras\/\" \/>\n<meta property=\"og:site_name\" content=\"R+B Entwicklungs- und Vertriebs GmbH\" \/>\n<meta property=\"article:publisher\" content=\"https:\/\/www.facebook.com\/RuB.Entwicklung\/\" \/>\n<meta property=\"article:modified_time\" content=\"2021-07-12T11:30:05+00:00\" \/>\n<meta property=\"og:image\" content=\"https:\/\/www.r-u-b.de\/wp-content\/uploads\/2019\/10\/RB-Logo.jpg\" \/>\n\t<meta property=\"og:image:width\" content=\"230\" \/>\n\t<meta property=\"og:image:height\" content=\"219\" \/>\n\t<meta property=\"og:image:type\" content=\"image\/jpeg\" \/>\n<meta name=\"twitter:label1\" content=\"Tiempo de lectura\" \/>\n\t<meta name=\"twitter:data1\" content=\"2 minutos\" \/>\n<script type=\"application\/ld+json\" class=\"yoast-schema-graph\">{\"@context\":\"https:\\\/\\\/schema.org\",\"@graph\":[{\"@type\":\"WebPage\",\"@id\":\"https:\\\/\\\/www.r-u-b.de\\\/es\\\/acerca-de-nosotros\\\/carreras\\\/\",\"url\":\"https:\\\/\\\/www.r-u-b.de\\\/es\\\/acerca-de-nosotros\\\/carreras\\\/\",\"name\":\"empleo - R+B Entwicklungs- und Vertriebs GmbH\",\"isPartOf\":{\"@id\":\"https:\\\/\\\/www.r-u-b.de\\\/es\\\/#website\"},\"datePublished\":\"2019-11-29T12:25:32+00:00\",\"dateModified\":\"2021-07-12T11:30:05+00:00\",\"description\":\"Empleo: Su carrera comienza en R+B. Hacer un aprendizaje como especialista en inform\u00e1tica en el \u00e1mbito del desarrollo de aplicaciones. La profesi\u00f3n del futuro.\",\"breadcrumb\":{\"@id\":\"https:\\\/\\\/www.r-u-b.de\\\/es\\\/acerca-de-nosotros\\\/carreras\\\/#breadcrumb\"},\"inLanguage\":\"es\",\"potentialAction\":[{\"@type\":\"ReadAction\",\"target\":[\"https:\\\/\\\/www.r-u-b.de\\\/es\\\/acerca-de-nosotros\\\/carreras\\\/\"]}]},{\"@type\":\"BreadcrumbList\",\"@id\":\"https:\\\/\\\/www.r-u-b.de\\\/es\\\/acerca-de-nosotros\\\/carreras\\\/#breadcrumb\",\"itemListElement\":[{\"@type\":\"ListItem\",\"position\":1,\"name\":\"Startseite\",\"item\":\"https:\\\/\\\/www.r-u-b.de\\\/es\\\/\"},{\"@type\":\"ListItem\",\"position\":2,\"name\":\"acerca de nosotros\",\"item\":\"https:\\\/\\\/www.r-u-b.de\\\/es\\\/acerca-de-nosotros\\\/\"},{\"@type\":\"ListItem\",\"position\":3,\"name\":\"Carreras\"}]},{\"@type\":\"WebSite\",\"@id\":\"https:\\\/\\\/www.r-u-b.de\\\/es\\\/#website\",\"url\":\"https:\\\/\\\/www.r-u-b.de\\\/es\\\/\",\"name\":\"R+B Entwicklungs- und Vertriebs GmbH\",\"description\":\"Software- und Prozessl\u00f6sungen f\u00fcr den Fertigungsbereich\",\"publisher\":{\"@id\":\"https:\\\/\\\/www.r-u-b.de\\\/es\\\/#organization\"},\"potentialAction\":[{\"@type\":\"SearchAction\",\"target\":{\"@type\":\"EntryPoint\",\"urlTemplate\":\"https:\\\/\\\/www.r-u-b.de\\\/es\\\/?s={search_term_string}\"},\"query-input\":{\"@type\":\"PropertyValueSpecification\",\"valueRequired\":true,\"valueName\":\"search_term_string\"}}],\"inLanguage\":\"es\"},{\"@type\":\"Organization\",\"@id\":\"https:\\\/\\\/www.r-u-b.de\\\/es\\\/#organization\",\"name\":\"R+B Entwicklungs- und Vertriebs GmbH\",\"url\":\"https:\\\/\\\/www.r-u-b.de\\\/es\\\/\",\"logo\":{\"@type\":\"ImageObject\",\"inLanguage\":\"es\",\"@id\":\"https:\\\/\\\/www.r-u-b.de\\\/es\\\/#\\\/schema\\\/logo\\\/image\\\/\",\"url\":\"https:\\\/\\\/www.r-u-b.de\\\/wp-content\\\/uploads\\\/2019\\\/10\\\/logo_RB.png\",\"contentUrl\":\"https:\\\/\\\/www.r-u-b.de\\\/wp-content\\\/uploads\\\/2019\\\/10\\\/logo_RB.png\",\"width\":108,\"height\":98,\"caption\":\"R+B Entwicklungs- und Vertriebs GmbH\"},\"image\":{\"@id\":\"https:\\\/\\\/www.r-u-b.de\\\/es\\\/#\\\/schema\\\/logo\\\/image\\\/\"},\"sameAs\":[\"https:\\\/\\\/www.facebook.com\\\/RuB.Entwicklung\\\/\",\"https:\\\/\\\/www.linkedin.com\\\/company\\\/r-&amp;-b-entwicklungs--und-vertriebs-gmbh\\\/\",\"https:\\\/\\\/www.youtube.com\\\/channel\\\/UC-FI5SwGxjynz0oAB19sJvQ\"]}]}<\/script>\n<!-- \/ Yoast SEO plugin. -->","yoast_head_json":{"title":"empleo - R+B Entwicklungs- und Vertriebs GmbH","description":"Empleo: Su carrera comienza en R+B. Hacer un aprendizaje como especialista en inform\u00e1tica en el \u00e1mbito del desarrollo de aplicaciones. La profesi\u00f3n del futuro.","robots":{"index":"index","follow":"follow","max-snippet":"max-snippet:-1","max-image-preview":"max-image-preview:large","max-video-preview":"max-video-preview:-1"},"canonical":"https:\/\/www.r-u-b.de\/es\/acerca-de-nosotros\/carreras\/","og_locale":"es_ES","og_type":"article","og_title":"empleo - R+B Entwicklungs- und Vertriebs GmbH","og_description":"Empleo: Su carrera comienza en R+B. Hacer un aprendizaje como especialista en inform\u00e1tica en el \u00e1mbito del desarrollo de aplicaciones. La profesi\u00f3n del futuro.","og_url":"https:\/\/www.r-u-b.de\/es\/acerca-de-nosotros\/carreras\/","og_site_name":"R+B Entwicklungs- und Vertriebs GmbH","article_publisher":"https:\/\/www.facebook.com\/RuB.Entwicklung\/","article_modified_time":"2021-07-12T11:30:05+00:00","og_image":[{"width":230,"height":219,"url":"https:\/\/www.r-u-b.de\/wp-content\/uploads\/2019\/10\/RB-Logo.jpg","type":"image\/jpeg"}],"twitter_misc":{"Tiempo de lectura":"2 minutos"},"schema":{"@context":"https:\/\/schema.org","@graph":[{"@type":"WebPage","@id":"https:\/\/www.r-u-b.de\/es\/acerca-de-nosotros\/carreras\/","url":"https:\/\/www.r-u-b.de\/es\/acerca-de-nosotros\/carreras\/","name":"empleo - R+B Entwicklungs- und Vertriebs GmbH","isPartOf":{"@id":"https:\/\/www.r-u-b.de\/es\/#website"},"datePublished":"2019-11-29T12:25:32+00:00","dateModified":"2021-07-12T11:30:05+00:00","description":"Empleo: Su carrera comienza en R+B. Hacer un aprendizaje como especialista en inform\u00e1tica en el \u00e1mbito del desarrollo de aplicaciones. La profesi\u00f3n del futuro.","breadcrumb":{"@id":"https:\/\/www.r-u-b.de\/es\/acerca-de-nosotros\/carreras\/#breadcrumb"},"inLanguage":"es","potentialAction":[{"@type":"ReadAction","target":["https:\/\/www.r-u-b.de\/es\/acerca-de-nosotros\/carreras\/"]}]},{"@type":"BreadcrumbList","@id":"https:\/\/www.r-u-b.de\/es\/acerca-de-nosotros\/carreras\/#breadcrumb","itemListElement":[{"@type":"ListItem","position":1,"name":"Startseite","item":"https:\/\/www.r-u-b.de\/es\/"},{"@type":"ListItem","position":2,"name":"acerca de nosotros","item":"https:\/\/www.r-u-b.de\/es\/acerca-de-nosotros\/"},{"@type":"ListItem","position":3,"name":"Carreras"}]},{"@type":"WebSite","@id":"https:\/\/www.r-u-b.de\/es\/#website","url":"https:\/\/www.r-u-b.de\/es\/","name":"R+B Entwicklungs- und Vertriebs GmbH","description":"Software- und Prozessl\u00f6sungen f\u00fcr den Fertigungsbereich","publisher":{"@id":"https:\/\/www.r-u-b.de\/es\/#organization"},"potentialAction":[{"@type":"SearchAction","target":{"@type":"EntryPoint","urlTemplate":"https:\/\/www.r-u-b.de\/es\/?s={search_term_string}"},"query-input":{"@type":"PropertyValueSpecification","valueRequired":true,"valueName":"search_term_string"}}],"inLanguage":"es"},{"@type":"Organization","@id":"https:\/\/www.r-u-b.de\/es\/#organization","name":"R+B Entwicklungs- und Vertriebs GmbH","url":"https:\/\/www.r-u-b.de\/es\/","logo":{"@type":"ImageObject","inLanguage":"es","@id":"https:\/\/www.r-u-b.de\/es\/#\/schema\/logo\/image\/","url":"https:\/\/www.r-u-b.de\/wp-content\/uploads\/2019\/10\/logo_RB.png","contentUrl":"https:\/\/www.r-u-b.de\/wp-content\/uploads\/2019\/10\/logo_RB.png","width":108,"height":98,"caption":"R+B Entwicklungs- und Vertriebs GmbH"},"image":{"@id":"https:\/\/www.r-u-b.de\/es\/#\/schema\/logo\/image\/"},"sameAs":["https:\/\/www.facebook.com\/RuB.Entwicklung\/","https:\/\/www.linkedin.com\/company\/r-&amp;-b-entwicklungs--und-vertriebs-gmbh\/","https:\/\/www.youtube.com\/channel\/UC-FI5SwGxjynz0oAB19sJvQ"]}]}},"_links":{"self":[{"href":"https:\/\/www.r-u-b.de\/es\/wp-json\/wp\/v2\/pages\/11126","targetHints":{"allow":["GET"]}}],"collection":[{"href":"https:\/\/www.r-u-b.de\/es\/wp-json\/wp\/v2\/pages"}],"about":[{"href":"https:\/\/www.r-u-b.de\/es\/wp-json\/wp\/v2\/types\/page"}],"author":[{"embeddable":true,"href":"https:\/\/www.r-u-b.de\/es\/wp-json\/wp\/v2\/users\/1"}],"replies":[{"embeddable":true,"href":"https:\/\/www.r-u-b.de\/es\/wp-json\/wp\/v2\/comments?post=11126"}],"version-history":[{"count":0,"href":"https:\/\/www.r-u-b.de\/es\/wp-json\/wp\/v2\/pages\/11126\/revisions"}],"up":[{"embeddable":true,"href":"https:\/\/www.r-u-b.de\/es\/wp-json\/wp\/v2\/pages\/11084"}],"wp:attachment":[{"href":"https:\/\/www.r-u-b.de\/es\/wp-json\/wp\/v2\/media?parent=11126"}],"curies":[{"name":"wp","href":"https:\/\/api.w.org\/{rel}","templated":true}]}}